{"id":12,"date":"2011-10-19T08:37:54","date_gmt":"2011-10-19T08:37:54","guid":{"rendered":"http:\/\/blog.vfl-grafenwald.de\/?page_id=12"},"modified":"2026-03-12T10:29:04","modified_gmt":"2026-03-12T09:29:04","slug":"fusball","status":"publish","type":"page","link":"https:\/\/www.vfl-grafenwald.de\/?page_id=12","title":{"rendered":"Fu\u00dfball"},"content":{"rendered":"<p>Diese Abteilung ist der Gr\u00fcndungsvater des VfL Grafenwald e.V.. Fu\u00dfballbegeisterte aus dem Ortsteil Grafenwald der eigenst\u00e4ndigen Gemeinde Kirchhellen, damals wie heute \u201eW\u00f6ller\u201c genannt, haben 1928 und 1968 den Verein aus der Taufe gehoben. Die zahlreichen Erfolge dieser Abteilung in den vergangenen Jahrzehnten im Jugend- und Seniorenbereich lassen sich sehen, Landesliga und Pokalhauptrunde sind die Highlights. Aktuell befindet sich die 1. Mannschaft im Neuaufbau in der Kreisklasse A. Der 1972 gegr\u00fcndete Ascheplatz, der 2014 in einen Kunstrasen umgewandelt wurde, und das 1986 fertiggestellte Waldstadion mit Rasenplatz sowie das Jugend- und Vereinsheim bilden eine wundersch\u00f6ne Sportanlage.<\/p>\n<p>Aktuelles<\/p>\n<p>30. Juni 2025: <a href=\"https:\/\/www.dorstenerzeitung.de\/lokalsport-dorsten\/schalke-04-laesst-vfl-grafenwald-jubeln-unverhoffter-aufstieg-w1048893-4001701343\/\">Unverhoffter Aufstieg: Schalke 04 l\u00e4sst VfL Grafenwald jubeln<\/a><\/p>\n<p>27. Juni 2025: Die Umbauarbeiten im Jugend- und Vereinsheim haben begonnen. Der VfL bedankt sich sehr herzlich bei seinen unerm\u00fcdlichen Helfern.<\/p>\n\n\n<p>Trainingszeiten der Jugend in der Saison 2025-2026<\/p>\n\n\n\n<figure class=\"wp-block-image size-large\"><a href=\"https:\/\/www.vfl-grafenwald.de\/wp-content\/uploads\/2026\/03\/2025-26-Training.jpg\"><img loading=\"lazy\" decoding=\"async\" width=\"724\" height=\"1024\" src=\"https:\/\/www.vfl-grafenwald.de\/wp-content\/uploads\/2026\/03\/2025-26-Training-724x1024.jpg\" alt=\"\" class=\"wp-image-3538\" srcset=\"https:\/\/www.vfl-grafenwald.de\/wp-content\/uploads\/2026\/03\/2025-26-Training-724x1024.jpg 724w, https:\/\/www.vfl-grafenwald.de\/wp-content\/uploads\/2026\/03\/2025-26-Training-212x300.jpg 212w, https:\/\/www.vfl-grafenwald.de\/wp-content\/uploads\/2026\/03\/2025-26-Training-768x1086.jpg 768w, https:\/\/www.vfl-grafenwald.de\/wp-content\/uploads\/2026\/03\/2025-26-Training-1086x1536.jpg 1086w, https:\/\/www.vfl-grafenwald.de\/wp-content\/uploads\/2026\/03\/2025-26-Training.jpg 1131w\" sizes=\"auto, (max-width: 724px) 100vw, 724px\" \/><\/a><\/figure>\n","protected":false},"excerpt":{"rendered":"<p>Diese Abteilung ist der Gr\u00fcndungsvater des VfL Grafenwald e.V.. Fu\u00dfballbegeisterte aus dem Ortsteil Grafenwald der eigenst\u00e4ndigen Gemeinde Kirchhellen, damals wie heute \u201eW\u00f6ller\u201c genannt, haben 1928 und 1968 den Verein aus der Taufe gehoben. Die zahlreichen Erfolge dieser Abteilung in den &hellip; <a href=\"https:\/\/www.vfl-grafenwald.de\/?page_id=12\">Weiterlesen <span class=\"meta-nav\">&rarr;<\/span><\/a><\/p>\n","protected":false},"author":1,"featured_media":0,"parent":0,"menu_order":0,"comment_status":"closed","ping_status":"open","template":"","meta":{"footnotes":""},"class_list":["post-12","page","type-page","status-publish","hentry"],"_links":{"self":[{"href":"https:\/\/www.vfl-grafenwald.de\/index.php?rest_route=\/wp\/v2\/pages\/12","targetHints":{"allow":["GET"]}}],"collection":[{"href":"https:\/\/www.vfl-grafenwald.de\/index.php?rest_route=\/wp\/v2\/pages"}],"about":[{"href":"https:\/\/www.vfl-grafenwald.de\/index.php?rest_route=\/wp\/v2\/types\/page"}],"author":[{"embeddable":true,"href":"https:\/\/www.vfl-grafenwald.de\/index.php?rest_route=\/wp\/v2\/users\/1"}],"replies":[{"embeddable":true,"href":"https:\/\/www.vfl-grafenwald.de\/index.php?rest_route=%2Fwp%2Fv2%2Fcomments&post=12"}],"version-history":[{"count":7,"href":"https:\/\/www.vfl-grafenwald.de\/index.php?rest_route=\/wp\/v2\/pages\/12\/revisions"}],"predecessor-version":[{"id":3542,"href":"https:\/\/www.vfl-grafenwald.de\/index.php?rest_route=\/wp\/v2\/pages\/12\/revisions\/3542"}],"wp:attachment":[{"href":"https:\/\/www.vfl-grafenwald.de\/index.php?rest_route=%2Fwp%2Fv2%2Fmedia&parent=12"}],"curies":[{"name":"wp","href":"https:\/\/api.w.org\/{rel}","templated":true}]}}